{"id":1294,"date":"2024-04-04T12:21:58","date_gmt":"2024-04-04T10:21:58","guid":{"rendered":"https:\/\/planetafilou.com\/?page_id=1294"},"modified":"2024-09-11T18:16:54","modified_gmt":"2024-09-11T16:16:54","slug":"jardins","status":"publish","type":"page","link":"https:\/\/planetafilou.com\/fr\/jardins\/","title":{"rendered":"Jardins"},"content":{"rendered":"<h1 class=\"gb-headline gb-headline-53921eb3 gb-headline-text\">Jardins<\/h1>\n\n\n<div class=\"gb-container gb-container-b2026cdb\">\n<div class=\"gb-container gb-container-845db794 sticky\">\n\n<h2 class=\"gb-headline gb-headline-f78575e4 gb-headline-text\">Derri\u00e8re la maison, le jardin sauvage avec vue sur le ciel. <\/h2>\n\n\n\n<p class=\"gb-headline gb-headline-ef439903 gb-headline-text\">Un terrain anarchique o\u00f9 la nature pousse \u00e0 sa guise. La maison vous recommande d'en faire autant. Et au milieu, une grande table en bois.<\/p>\n\n\n<div class=\"gb-container gb-container-da3c2e97\"><\/div>\n\n<div class=\"gb-container gb-container-66cb89fa\"><\/div>\n<\/div>\n\n<div class=\"gb-container gb-container-e3612e7a\">\n<div class=\"gb-container gb-container-9768ce7b\">\n\n<h2 class=\"gb-headline gb-headline-7e5fb159 gb-headline-text\">Au centre de Filou, le Jardin des Fleurs surplombe la montagne.&nbsp;<\/h2>\n\n\n\n<p>Ses habitants sont des plantes et des fleurs qui sentent bon. Au centre, un terrain herbeux d\u00e9di\u00e9 \u00e0 la plante de vos pieds nus.<\/p>\n\n\n\n<h3 class=\"gb-headline gb-headline-3127e37a gb-headline-text\">Attention \u00e0 la chaise longue, vous ne voudrez plus jamais vous lever.<\/h3>\n\n\n<div class=\"gb-container gb-container-751ae71a\"><\/div>\n\n\n<h3 class=\"gb-headline gb-headline-901696a9 gb-headline-text\">Habitants du jardin (Plantes et fleurs) :<\/h3>\n\n\n<div class=\"gb-container gb-container-c4071f03\">\n\n<figure class=\"gb-block-image gb-block-image-184fab74\"><img loading=\"lazy\" decoding=\"async\" width=\"800\" height=\"657\" class=\"gb-image gb-image-184fab74\" src=\"https:\/\/planetafilou.com\/archivos\/filou_jardin.png\" alt=\"JARDINS \u00e0 Filou Garden-House Filou\" title=\"filou_garden\" srcset=\"https:\/\/planetafilou.com\/archivos\/filou_jardin.png 800w, https:\/\/planetafilou.com\/archivos\/filou_jardin-300x246.png 300w, https:\/\/planetafilou.com\/archivos\/filou_jardin-768x631.png 768w\" sizes=\"auto, (max-width: 800px) 100vw, 800px\" \/><\/figure>\n\n<\/div>\n\n<div class=\"gb-grid-wrapper gb-grid-wrapper-b8fa4d36\">\n<div class=\"gb-grid-column gb-grid-column-f033f274\"><div class=\"gb-container gb-container-f033f274\">\n<div class=\"gb-container gb-container-e9d40556\">\n\n<figure class=\"gb-block-image gb-block-image-78df6e5c\"><img loading=\"lazy\" decoding=\"async\" width=\"400\" height=\"398\" class=\"gb-image gb-image-78df6e5c\" src=\"https:\/\/planetafilou.com\/archivos\/1_tuya-esmeralda_filou.jpg\" alt=\"Thuya \u00e9meraude - Thuja occidentalis &quot;emeraudel&quot; - Thuja esmeralda\" title=\"1_tuya-emerald_filou\" srcset=\"https:\/\/planetafilou.com\/archivos\/1_tuya-esmeralda_filou.jpg 400w, https:\/\/planetafilou.com\/archivos\/1_tuya-esmeralda_filou-300x300.jpg 300w, https:\/\/planetafilou.com\/archivos\/1_tuya-esmeralda_filou-150x150.jpg 150w\" sizes=\"auto, (max-width: 400px) 100vw, 400px\" \/><\/figure>\n\n<\/div>\n\n<div class=\"gb-container gb-container-2a3fe616\">\n\n<h3 class=\"gb-headline gb-headline-91c3a65c gb-headline-text\">1. tuya d'\u00e9meraude <\/h3>\n\n\n\n<p class=\"has-extra-small-font-size\">\u2e3b <em>Thuja occidentalis \"emeraudel\" (Thuja occidentalis \"emeraudel\")<\/em><strong> <\/strong><\/p>\n\n<\/div>\n<\/div><\/div>\n\n<div class=\"gb-grid-column gb-grid-column-f3c761e2\"><div class=\"gb-container gb-container-f3c761e2\">\n<div class=\"gb-container gb-container-1ee24811\">\n\n<figure class=\"gb-block-image gb-block-image-b50eae55\"><img loading=\"lazy\" decoding=\"async\" width=\"400\" height=\"400\" class=\"gb-image gb-image-b50eae55\" src=\"https:\/\/planetafilou.com\/archivos\/2_cipres_totem_filou.jpg\" alt=\"Totem de Cupressus sempervirens\" title=\"2_cipres_totem_filou\" srcset=\"https:\/\/planetafilou.com\/archivos\/2_cipres_totem_filou.jpg 400w, https:\/\/planetafilou.com\/archivos\/2_cipres_totem_filou-300x300.jpg 300w, https:\/\/planetafilou.com\/archivos\/2_cipres_totem_filou-150x150.jpg 150w\" sizes=\"auto, (max-width: 400px) 100vw, 400px\" \/><\/figure>\n\n<\/div>\n\n<div class=\"gb-container gb-container-a2f85ee6\">\n\n<h3 class=\"gb-headline gb-headline-4ac06598 gb-headline-text\">2. Totem de cypr\u00e8s<\/h3>\n\n\n\n<p class=\"has-extra-small-font-size\">\u2e3b <em>Totem de Cupressus sempervirens<\/em><\/p>\n\n<\/div>\n<\/div><\/div>\n\n<div class=\"gb-grid-column gb-grid-column-3b52b40e\"><div class=\"gb-container gb-container-3b52b40e\">\n<div class=\"gb-container gb-container-2fa3e706\">\n\n<figure class=\"gb-block-image gb-block-image-59601cd3\"><img loading=\"lazy\" decoding=\"async\" width=\"400\" height=\"400\" class=\"gb-image gb-image-59601cd3\" src=\"https:\/\/planetafilou.com\/archivos\/3_adelfa_filou.jpg\" alt=\"Nerium oleander\" title=\"3_adelfa_filou\" srcset=\"https:\/\/planetafilou.com\/archivos\/3_adelfa_filou.jpg 400w, https:\/\/planetafilou.com\/archivos\/3_adelfa_filou-300x300.jpg 300w, https:\/\/planetafilou.com\/archivos\/3_adelfa_filou-150x150.jpg 150w\" sizes=\"auto, (max-width: 400px) 100vw, 400px\" \/><\/figure>\n\n<\/div>\n\n<div class=\"gb-container gb-container-a47acb96\">\n\n<h3 class=\"gb-headline gb-headline-71db5e5f gb-headline-text\">3. Le laurier-rose<\/h3>\n\n\n\n<p class=\"has-extra-small-font-size\">\u2e3b <em>Nerium oleander<\/em><\/p>\n\n<\/div>\n<\/div><\/div>\n\n<div class=\"gb-grid-column gb-grid-column-fd34001d\"><div class=\"gb-container gb-container-fd34001d\">\n<div class=\"gb-container gb-container-53186dad\">\n\n<figure class=\"gb-block-image gb-block-image-7ccdf8c3\"><img loading=\"lazy\" decoding=\"async\" width=\"400\" height=\"400\" class=\"gb-image gb-image-7ccdf8c3\" src=\"https:\/\/planetafilou.com\/archivos\/4_photinia_red-robin_filou.jpg\" alt=\"Photinia \u00d7fraseri\" title=\"4_photinia_rouge robin_filou\" srcset=\"https:\/\/planetafilou.com\/archivos\/4_photinia_red-robin_filou.jpg 400w, https:\/\/planetafilou.com\/archivos\/4_photinia_red-robin_filou-300x300.jpg 300w, https:\/\/planetafilou.com\/archivos\/4_photinia_red-robin_filou-150x150.jpg 150w\" sizes=\"auto, (max-width: 400px) 100vw, 400px\" \/><\/figure>\n\n<\/div>\n\n<div class=\"gb-container gb-container-d8377a1b\">\n\n<h3 class=\"gb-headline gb-headline-0e2939d3 gb-headline-text\">4. Fotinia Red Robin<\/h3>\n\n\n\n<p class=\"has-extra-small-font-size\">\u2e3b <em>Photinia \u00d7 fraseri<\/em><\/p>\n\n<\/div>\n<\/div><\/div>\n\n<div class=\"gb-grid-column gb-grid-column-832ee4d5\"><div class=\"gb-container gb-container-832ee4d5\">\n<div class=\"gb-container gb-container-d5a25ecd\">\n\n<figure class=\"gb-block-image gb-block-image-0cb95433\"><img loading=\"lazy\" decoding=\"async\" width=\"400\" height=\"400\" class=\"gb-image gb-image-0cb95433\" src=\"https:\/\/planetafilou.com\/archivos\/5_laurel_filou.jpg\" alt=\"Laurus nobilis\" title=\"5_laurel_filou\" srcset=\"https:\/\/planetafilou.com\/archivos\/5_laurel_filou.jpg 400w, https:\/\/planetafilou.com\/archivos\/5_laurel_filou-300x300.jpg 300w, https:\/\/planetafilou.com\/archivos\/5_laurel_filou-150x150.jpg 150w\" sizes=\"auto, (max-width: 400px) 100vw, 400px\" \/><\/figure>\n\n<\/div>\n\n<div class=\"gb-container gb-container-17e7e8c5\">\n\n<h3 class=\"gb-headline gb-headline-6e9b4bce gb-headline-text\">5. Laurier<\/h3>\n\n\n\n<p class=\"has-extra-small-font-size\">\u2e3b <em>Laurus nobilis<\/em><\/p>\n\n<\/div>\n<\/div><\/div>\n\n<div class=\"gb-grid-column gb-grid-column-84adcb0d\"><div class=\"gb-container gb-container-84adcb0d\">\n<div class=\"gb-container gb-container-7248b164\">\n\n<figure class=\"gb-block-image gb-block-image-6ec08e53\"><img loading=\"lazy\" decoding=\"async\" width=\"400\" height=\"400\" class=\"gb-image gb-image-6ec08e53\" src=\"https:\/\/planetafilou.com\/archivos\/6_arbol_de_jupiter_filou.jpg\" alt=\"Lagerstroemia indica\" title=\"6_jupiter_tree_filou\" srcset=\"https:\/\/planetafilou.com\/archivos\/6_arbol_de_jupiter_filou.jpg 400w, https:\/\/planetafilou.com\/archivos\/6_arbol_de_jupiter_filou-300x300.jpg 300w, https:\/\/planetafilou.com\/archivos\/6_arbol_de_jupiter_filou-150x150.jpg 150w\" sizes=\"auto, (max-width: 400px) 100vw, 400px\" \/><\/figure>\n\n<\/div>\n\n<div class=\"gb-container gb-container-ee9a7a1c\">\n\n<h3 class=\"gb-headline gb-headline-312e024d gb-headline-text\">6. arbre de Jupiter<\/h3>\n\n\n\n<p class=\"has-extra-small-font-size\">\u2e3b <em>Lagerstroemia indica<\/em><\/p>\n\n<\/div>\n<\/div><\/div>\n\n<div class=\"gb-grid-column gb-grid-column-0b9c77d1\"><div class=\"gb-container gb-container-0b9c77d1\">\n<div class=\"gb-container gb-container-0fe6a4df\">\n\n<figure class=\"gb-block-image gb-block-image-83536d81\"><img loading=\"lazy\" decoding=\"async\" width=\"400\" height=\"400\" class=\"gb-image gb-image-83536d81\" src=\"https:\/\/planetafilou.com\/archivos\/7_arbusto_mariposas_filou.jpg\" alt=\"Budleja davidii\" title=\"7_bush_butterflies_filou\" srcset=\"https:\/\/planetafilou.com\/archivos\/7_arbusto_mariposas_filou.jpg 400w, https:\/\/planetafilou.com\/archivos\/7_arbusto_mariposas_filou-300x300.jpg 300w, https:\/\/planetafilou.com\/archivos\/7_arbusto_mariposas_filou-150x150.jpg 150w\" sizes=\"auto, (max-width: 400px) 100vw, 400px\" \/><\/figure>\n\n<\/div>\n\n<div class=\"gb-container gb-container-52d1d60d\">\n\n<h3 class=\"gb-headline gb-headline-22adfa3b gb-headline-text\">7. Arbre \u00e0 papillons<\/h3>\n\n\n\n<p class=\"has-extra-small-font-size\">\u2e3b <em>Budleja davidii<\/em><\/p>\n\n<\/div>\n<\/div><\/div>\n\n<div class=\"gb-grid-column gb-grid-column-ed0758ea\"><div class=\"gb-container gb-container-ed0758ea\">\n<div class=\"gb-container gb-container-9753bd4b\">\n\n<figure class=\"gb-block-image gb-block-image-3f463485\"><img loading=\"lazy\" decoding=\"async\" width=\"400\" height=\"400\" class=\"gb-image gb-image-3f463485\" src=\"https:\/\/planetafilou.com\/archivos\/8_Olivilla_filou.jpg\" alt=\"Teucrium fruticans\" title=\"8_Olivilla_filou\" srcset=\"https:\/\/planetafilou.com\/archivos\/8_Olivilla_filou.jpg 400w, https:\/\/planetafilou.com\/archivos\/8_Olivilla_filou-300x300.jpg 300w, https:\/\/planetafilou.com\/archivos\/8_Olivilla_filou-150x150.jpg 150w\" sizes=\"auto, (max-width: 400px) 100vw, 400px\" \/><\/figure>\n\n<\/div>\n\n<div class=\"gb-container gb-container-8a271f74\">\n\n<h3 class=\"gb-headline gb-headline-9014acc7 gb-headline-text\">8. Olivilla<\/h3>\n\n\n\n<p class=\"has-extra-small-font-size\">\u2e3b <em>Teucrium fruticans<\/em><\/p>\n\n<\/div>\n<\/div><\/div>\n\n<div class=\"gb-grid-column gb-grid-column-cfbcb172\"><div class=\"gb-container gb-container-cfbcb172\">\n<div class=\"gb-container gb-container-e6aec771\">\n\n<figure class=\"gb-block-image gb-block-image-039b5d1c\"><img loading=\"lazy\" decoding=\"async\" width=\"400\" height=\"400\" class=\"gb-image gb-image-039b5d1c\" src=\"https:\/\/planetafilou.com\/archivos\/9_parra_virgen_filou.jpg\" alt=\"Parthenocissus tricuspidata\" title=\"9_parra_virgen_filou\" srcset=\"https:\/\/planetafilou.com\/archivos\/9_parra_virgen_filou.jpg 400w, https:\/\/planetafilou.com\/archivos\/9_parra_virgen_filou-300x300.jpg 300w, https:\/\/planetafilou.com\/archivos\/9_parra_virgen_filou-150x150.jpg 150w\" sizes=\"auto, (max-width: 400px) 100vw, 400px\" \/><\/figure>\n\n<\/div>\n\n<div class=\"gb-container gb-container-14bfa6de\">\n\n<h3 class=\"gb-headline gb-headline-2b68a457 gb-headline-text\">9. Vigne vierge<\/h3>\n\n\n\n<p class=\"has-extra-small-font-size\">\u2e3b <em>Parthenocissus tricuspidata<\/em><\/p>\n\n<\/div>\n<\/div><\/div>\n\n<div class=\"gb-grid-column gb-grid-column-eec1e7d8\"><div class=\"gb-container gb-container-eec1e7d8\">\n<div class=\"gb-container gb-container-e96fd8e1\">\n\n<figure class=\"gb-block-image gb-block-image-ea6a9286\"><img loading=\"lazy\" decoding=\"async\" width=\"400\" height=\"400\" class=\"gb-image gb-image-ea6a9286\" src=\"https:\/\/planetafilou.com\/archivos\/10_rosal_trepador_filou.jpg\" alt=\"Rosa banksiae Ait\" title=\"10_rosal_trepador_filou\" srcset=\"https:\/\/planetafilou.com\/archivos\/10_rosal_trepador_filou.jpg 400w, https:\/\/planetafilou.com\/archivos\/10_rosal_trepador_filou-300x300.jpg 300w, https:\/\/planetafilou.com\/archivos\/10_rosal_trepador_filou-150x150.jpg 150w\" sizes=\"auto, (max-width: 400px) 100vw, 400px\" \/><\/figure>\n\n<\/div>\n\n<div class=\"gb-container gb-container-1a9bf77b\">\n\n<h3 class=\"gb-headline gb-headline-eb5d2faa gb-headline-text\">10. Rose grimpante<\/h3>\n\n\n\n<p class=\"has-extra-small-font-size\">\u2e3b <em>Rosa banksiae Ait<\/em><\/p>\n\n<\/div>\n<\/div><\/div>\n\n<div class=\"gb-grid-column gb-grid-column-b80509b7\"><div class=\"gb-container gb-container-b80509b7\">\n<div class=\"gb-container gb-container-fb0e96b4\">\n\n<figure class=\"gb-block-image gb-block-image-eeb666b4\"><img loading=\"lazy\" decoding=\"async\" width=\"400\" height=\"398\" class=\"gb-image gb-image-eeb666b4\" src=\"https:\/\/planetafilou.com\/archivos\/11_jazmin_filou.jpg\" alt=\"Jasmin\" title=\"11_jazmin_filou\" srcset=\"https:\/\/planetafilou.com\/archivos\/11_jazmin_filou.jpg 400w, https:\/\/planetafilou.com\/archivos\/11_jazmin_filou-300x300.jpg 300w, https:\/\/planetafilou.com\/archivos\/11_jazmin_filou-150x150.jpg 150w\" sizes=\"auto, (max-width: 400px) 100vw, 400px\" \/><\/figure>\n\n<\/div>\n\n<div class=\"gb-container gb-container-394cf9e0\">\n\n<h3 class=\"gb-headline gb-headline-2012e2a5 gb-headline-text\">11. Jasmin<\/h3>\n\n\n\n<p class=\"has-extra-small-font-size\">\u2e3b <em>Jasmin<\/em><\/p>\n\n<\/div>\n<\/div><\/div>\n\n<div class=\"gb-grid-column gb-grid-column-552cccae\"><div class=\"gb-container gb-container-552cccae\">\n<div class=\"gb-container gb-container-3576ccd6\">\n\n<figure class=\"gb-block-image gb-block-image-3d516389\"><img loading=\"lazy\" decoding=\"async\" width=\"400\" height=\"400\" class=\"gb-image gb-image-3d516389\" src=\"https:\/\/planetafilou.com\/archivos\/12_lavanda_filou.jpg\" alt=\"Lavandula\" title=\"12_lavender_filou\" srcset=\"https:\/\/planetafilou.com\/archivos\/12_lavanda_filou.jpg 400w, https:\/\/planetafilou.com\/archivos\/12_lavanda_filou-300x300.jpg 300w, https:\/\/planetafilou.com\/archivos\/12_lavanda_filou-150x150.jpg 150w\" sizes=\"auto, (max-width: 400px) 100vw, 400px\" \/><\/figure>\n\n<\/div>\n\n<div class=\"gb-container gb-container-22e06a47\">\n\n<h3 class=\"gb-headline gb-headline-c47238e4 gb-headline-text\">12. Lavande<\/h3>\n\n\n\n<p class=\"has-extra-small-font-size\">\u2e3b <em>Lavandula<\/em><\/p>\n\n<\/div>\n<\/div><\/div>\n\n<div class=\"gb-grid-column gb-grid-column-b4fd9f0f\"><div class=\"gb-container gb-container-b4fd9f0f\">\n<div class=\"gb-container gb-container-7d134b80\">\n\n<figure class=\"gb-block-image gb-block-image-9bf5b6a5\"><img loading=\"lazy\" decoding=\"async\" width=\"400\" height=\"401\" class=\"gb-image gb-image-9bf5b6a5\" src=\"https:\/\/planetafilou.com\/archivos\/13_cineraria_maritima_filou.jpg\" alt=\"Jacobaea maritima\" title=\"13_cineraria_maritima_filou\" srcset=\"https:\/\/planetafilou.com\/archivos\/13_cineraria_maritima_filou.jpg 400w, https:\/\/planetafilou.com\/archivos\/13_cineraria_maritima_filou-300x300.jpg 300w, https:\/\/planetafilou.com\/archivos\/13_cineraria_maritima_filou-150x150.jpg 150w\" sizes=\"auto, (max-width: 400px) 100vw, 400px\" \/><\/figure>\n\n<\/div>\n\n<div class=\"gb-container gb-container-2e7c99bb\">\n\n<h3 class=\"gb-headline gb-headline-04ed0dd1 gb-headline-text\">13. Cineraria maritima<\/h3>\n\n\n\n<p class=\"has-extra-small-font-size\">\u2e3b <em>Jacobaea maritima<\/em><\/p>\n\n<\/div>\n<\/div><\/div>\n\n<div class=\"gb-grid-column gb-grid-column-0d25c65a\"><div class=\"gb-container gb-container-0d25c65a\">\n<div class=\"gb-container gb-container-0ce6b0d8\">\n\n<figure class=\"gb-block-image gb-block-image-4178c9a4\"><img loading=\"lazy\" decoding=\"async\" width=\"400\" height=\"400\" class=\"gb-image gb-image-4178c9a4\" src=\"https:\/\/planetafilou.com\/archivos\/14_mirto_rosa_filou.jpg\" alt=\"Salvia greggii\" title=\"14_mirto_rosa_filou\" srcset=\"https:\/\/planetafilou.com\/archivos\/14_mirto_rosa_filou.jpg 400w, https:\/\/planetafilou.com\/archivos\/14_mirto_rosa_filou-300x300.jpg 300w, https:\/\/planetafilou.com\/archivos\/14_mirto_rosa_filou-150x150.jpg 150w\" sizes=\"auto, (max-width: 400px) 100vw, 400px\" \/><\/figure>\n\n<\/div>\n\n<div class=\"gb-container gb-container-902b65ce\">\n\n<h3 class=\"gb-headline gb-headline-65585917 gb-headline-text\">14. Myrte rose<\/h3>\n\n\n\n<p class=\"has-extra-small-font-size\">\u2e3b <em>Salvia greggii<\/em><\/p>\n\n<\/div>\n<\/div><\/div>\n\n<div class=\"gb-grid-column gb-grid-column-e200ed65\"><div class=\"gb-container gb-container-e200ed65\">\n<div class=\"gb-container gb-container-87eeab34\">\n\n<figure class=\"gb-block-image gb-block-image-46e4891b\"><img loading=\"lazy\" decoding=\"async\" width=\"400\" height=\"400\" class=\"gb-image gb-image-46e4891b\" src=\"https:\/\/planetafilou.com\/archivos\/15_formio_filou.jpg\" alt=\"Phormium tenax variegata\" title=\"15_formio_filou\" srcset=\"https:\/\/planetafilou.com\/archivos\/15_formio_filou.jpg 400w, https:\/\/planetafilou.com\/archivos\/15_formio_filou-300x300.jpg 300w, https:\/\/planetafilou.com\/archivos\/15_formio_filou-150x150.jpg 150w\" sizes=\"auto, (max-width: 400px) 100vw, 400px\" \/><\/figure>\n\n<\/div>\n\n<div class=\"gb-container gb-container-08abfc52\">\n\n<h3 class=\"gb-headline gb-headline-06c678c3 gb-headline-text\">15. Formium<\/h3>\n\n\n\n<p class=\"has-extra-small-font-size\">\u2e3b <em>Phormium tenax variegata<\/em><\/p>\n\n<\/div>\n<\/div><\/div>\n\n<div class=\"gb-grid-column gb-grid-column-ff365a28\"><div class=\"gb-container gb-container-ff365a28\"><\/div><\/div>\n\n<div class=\"gb-grid-column gb-grid-column-87b95c73\"><div class=\"gb-container gb-container-87b95c73\"><\/div><\/div>\n<\/div>\n\n<div class=\"gb-container gb-container-e19e578d\"><\/div>\n<\/div>\n<\/div>\n<\/div>","protected":false},"excerpt":{"rendered":"<p>Jardins Derri\u00e8re la maison, le jardin sauvage avec vue sur le ciel. Un terrain anarchique o\u00f9 la nature pousse \u00e0 sa guise. La maison vous recommande d'en faire autant. Et au milieu, une grande table en bois. Au centre de Filou, le jardin des fleurs avec vue sur la montagne.  Ses habitants ... <a title=\"Jardins\" class=\"read-more\" href=\"https:\/\/planetafilou.com\/fr\/jardins\/\" aria-label=\"En savoir plus sur les jardins\">En savoir plus<\/a><\/p>","protected":false},"author":1,"featured_media":1704,"parent":0,"menu_order":1,"comment_status":"closed","ping_status":"closed","template":"","meta":{"footnotes":""},"class_list":["post-1294","page","type-page","status-publish","has-post-thumbnail"],"_links":{"self":[{"href":"https:\/\/planetafilou.com\/fr\/wp-json\/wp\/v2\/pages\/1294","targetHints":{"allow":["GET"]}}],"collection":[{"href":"https:\/\/planetafilou.com\/fr\/wp-json\/wp\/v2\/pages"}],"about":[{"href":"https:\/\/planetafilou.com\/fr\/wp-json\/wp\/v2\/types\/page"}],"author":[{"embeddable":true,"href":"https:\/\/planetafilou.com\/fr\/wp-json\/wp\/v2\/users\/1"}],"replies":[{"embeddable":true,"href":"https:\/\/planetafilou.com\/fr\/wp-json\/wp\/v2\/comments?post=1294"}],"version-history":[{"count":2,"href":"https:\/\/planetafilou.com\/fr\/wp-json\/wp\/v2\/pages\/1294\/revisions"}],"predecessor-version":[{"id":2487,"href":"https:\/\/planetafilou.com\/fr\/wp-json\/wp\/v2\/pages\/1294\/revisions\/2487"}],"wp:featuredmedia":[{"embeddable":true,"href":"https:\/\/planetafilou.com\/fr\/wp-json\/wp\/v2\/media\/1704"}],"wp:attachment":[{"href":"https:\/\/planetafilou.com\/fr\/wp-json\/wp\/v2\/media?parent=1294"}],"curies":[{"name":"wp","href":"https:\/\/api.w.org\/{rel}","templated":true}]}}