{"id":1372,"date":"2024-04-04T12:21:12","date_gmt":"2024-04-04T10:21:12","guid":{"rendered":"https:\/\/planetafilou.com\/?page_id=1372"},"modified":"2024-06-21T11:32:39","modified_gmt":"2024-06-21T09:32:39","slug":"declaration-daccessibilite","status":"publish","type":"page","link":"https:\/\/planetafilou.com\/fr\/declaration-daccessibilite\/","title":{"rendered":"D\u00e9claration d'accessibilit\u00e9"},"content":{"rendered":"<div class=\"gb-container gb-container-9e748341\">\n\n<h1 class=\"gb-headline gb-headline-df2d8a14 gb-headline-text\">D\u00e9claration d'accessibilit\u00e9<\/h1>\n\n\n\n<h3 class=\"wp-block-heading\">1) D\u00e9claration d'accessibilit\u00e9 FILOU GARDEN-HOUSE<\/h3>\n\n\n\n<p>CASA-JARD\u00cdN FILOU s'engage \u00e0 rendre son site web accessible, conform\u00e9ment \u00e0 la\u00a0<a href=\"https:\/\/www.boe.es\/diario_boe\/txt.php?id=BOE-A-2018-12699\" target=\"_blank\" rel=\"noreferrer noopener\">Arr\u00eat\u00e9 royal 1112\/2018 du 7 septembre sur l'accessibilit\u00e9 des sites web et des applications du secteur public pour les appareils mobiles.<\/a><\/p>\n\n\n\n<p>Cette d\u00e9claration d'accessibilit\u00e9 s'applique au site web <a href=\"https:\/\/planetafilou.com\/fr\/\">planetafilou.com<\/a> \u00e0 laquelle la d\u00e9claration se rapporte, le cas \u00e9ch\u00e9ant.<\/p>\n\n\n\n<p>Ce site web applique les exigences de la&nbsp;<a href=\"https:\/\/administracionelectronica.gob.es\/PAe\/accesibilidad\/une-en-301549-2019.pdf\" rel=\"noreferrer noopener\" target=\"_blank\">Norme UNE-EN 301549:2019<\/a>en tenant compte des exceptions pr\u00e9vues par le RD 1112\/2018.<\/p>\n\n\n\n<p>Le site web est con\u00e7u pour la visualisation&nbsp;<em>r\u00e9actif<\/em>Le site web s'affiche de mani\u00e8re optimale sur les tablettes et les appareils mobiles. Sur ces appareils, il est optimis\u00e9 pour \u00eatre visualis\u00e9 sur les derni\u00e8res versions de \"Chrome for mobile\", \"Firefox for mobile\", \"Safari mobile\", \"Opera Mini\" et le navigateur natif d'Android.<\/p>\n\n\n\n<p>Le dernier examen de l'accessibilit\u00e9 a \u00e9t\u00e9 r\u00e9alis\u00e9 dans les pays suivants&nbsp;<em>avril 2024<\/em>.<\/p>\n\n\n\n<h3 class=\"wp-block-heading\">2. l'\u00e9tat de conformit\u00e9<\/h3>\n\n\n\n<p>Ce site web est&nbsp;<strong>selon<\/strong>&nbsp;avec le RD 1112\/2018.<\/p>\n\n\n\n<p>Le contenu est conforme aux WCAG AA \u00e0 la date de l'examen.<\/p>\n\n\n\n<h5 class=\"wp-block-heading\">Charge disproportionn\u00e9e<\/h5>\n\n\n\n<p>Sans objet.<\/p>\n\n\n\n<h5 class=\"wp-block-heading\">Pr\u00e9paration de la pr\u00e9sente d\u00e9claration d'accessibilit\u00e9<\/h5>\n\n\n\n<p>Cette d\u00e9claration a \u00e9t\u00e9 pr\u00e9par\u00e9e le&nbsp;<em>8 avril 2024<\/em>.<\/p>\n\n\n\n<p>La m\u00e9thode utilis\u00e9e pour pr\u00e9parer la d\u00e9claration a \u00e9t\u00e9 une auto-\u00e9valuation r\u00e9alis\u00e9e par La Puput Gr\u00e0fica Coop V.<\/p>\n\n\n\n<p>Derni\u00e8re r\u00e9vision de la d\u00e9claration : <em>8 avril 2024<\/em>.<\/p>\n\n\n\n<h4 class=\"wp-block-heading\">Remarques et coordonn\u00e9es<\/h4>\n\n\n\n<p>Vous pouvez faire des communications sur les exigences d'accessibilit\u00e9 (article 10.2.a) du RD 1112\/2018) comme, par exemple :<\/p>\n\n\n\n<ul class=\"wp-block-list\">\n<li>Pour signaler tout manquement \u00e9ventuel \u00e0 la r\u00e9glementation de ce site web.<\/li>\n\n\n\n<li>Transmettre d'autres difficult\u00e9s d'acc\u00e8s au contenu.<\/li>\n\n\n\n<li>Formuler toute autre question ou suggestion d'am\u00e9lioration relative \u00e0 l'accessibilit\u00e9 du site web en envoyant un courrier \u00e9lectronique \u00e0 casajardinfilou@gmail.com.<\/li>\n<\/ul>\n\n\n\n<p>Vous pouvez soumettre votre candidature :<\/p>\n\n\n\n<ul class=\"wp-block-list\">\n<li>Une plainte concernant le respect des exigences du RD 1112\/2018<\/li>\n\n\n\n<li>Une demande d'informations accessibles concernant\n<ol class=\"wp-block-list\">\n<li>Contenu exclu du champ d'application du RD 1112\/2018 conform\u00e9ment \u00e0 l'article 3, paragraphe 4.<\/li>\n\n\n\n<li>Contenu qui est exempt\u00e9 des exigences d'accessibilit\u00e9 parce qu'il impose une charge disproportionn\u00e9e.<\/li>\n<\/ol>\n<\/li>\n<\/ul>\n\n\n\n<p>La demande d'informations accessibles doit clairement exposer les faits, les raisons et la demande qui \u00e9tablissent que la demande est raisonnable et l\u00e9gitime.<\/p>\n\n\n\n<p>Les communications, les plaintes et les demandes d'informations accessibles seront re\u00e7ues et trait\u00e9es par Casa-jard\u00edn Filou. Si une demande d'informations accessibles ou une plainte a \u00e9t\u00e9 d\u00e9pos\u00e9e et qu'elle a \u00e9t\u00e9 rejet\u00e9e, que la personne concern\u00e9e n'est pas d'accord avec la d\u00e9cision prise ou que la r\u00e9ponse ne r\u00e9pond pas aux exigences de l'article 12.5, la personne concern\u00e9e peut d\u00e9poser une plainte. Une plainte peut \u00e9galement \u00eatre d\u00e9pos\u00e9e si une r\u00e9ponse n'a pas \u00e9t\u00e9 re\u00e7ue dans un d\u00e9lai de vingt jours ouvrables. La plainte peut \u00eatre d\u00e9pos\u00e9e par l'interm\u00e9diaire du&nbsp;<a href=\"https:\/\/serviciosede.mineco.gob.es\/FB\/Home.aspx?control=161_IG\" target=\"_blank\" rel=\"noreferrer noopener\">Instance g\u00e9n\u00e9rique du si\u00e8ge \u00e9lectronique du minist\u00e8re des affaires \u00e9conomiques et de la transformation num\u00e9rique<\/a>ainsi que les autres options pr\u00e9vues par la loi 39\/ 2015, du 1er octobre, relative \u00e0 la proc\u00e9dure administrative commune aux administrations publiques. Les plaintes seront re\u00e7ues et trait\u00e9es par la sous-direction g\u00e9n\u00e9rale de l'inspection des services du minist\u00e8re.<\/p>\n\n\n\n<p><a href=\"https:\/\/ironicurbanwear.com\/\" target=\"_blank\" rel=\"noopener\"><\/a><\/p>\n\n<\/div>","protected":false},"excerpt":{"rendered":"<p>D\u00e9claration d'accessibilit\u00e9 1. D\u00e9claration d'accessibilit\u00e9 CASA-JARD\u00cdN FILOU CASA-JARD\u00cdN FILOU s'engage \u00e0 rendre son site web accessible conform\u00e9ment \u00e0 l'arr\u00eat\u00e9 royal 1112\/2018 du 7 septembre relatif \u00e0 l'accessibilit\u00e9 des sites web du secteur public et des applications pour appareils mobiles. La pr\u00e9sente d\u00e9claration d'accessibilit\u00e9 s'applique au site web planetafilou.com.... <a title=\"D\u00e9claration d&#039;accessibilit\u00e9\" class=\"read-more\" href=\"https:\/\/planetafilou.com\/fr\/declaration-daccessibilite\/\" aria-label=\"En savoir plus sur la d\u00e9claration d&#039;accessibilit\u00e9\">En savoir plus<\/a><\/p>","protected":false},"author":1,"featured_media":0,"parent":0,"menu_order":8,"comment_status":"closed","ping_status":"closed","template":"","meta":{"footnotes":""},"class_list":["post-1372","page","type-page","status-publish"],"_links":{"self":[{"href":"https:\/\/planetafilou.com\/fr\/wp-json\/wp\/v2\/pages\/1372","targetHints":{"allow":["GET"]}}],"collection":[{"href":"https:\/\/planetafilou.com\/fr\/wp-json\/wp\/v2\/pages"}],"about":[{"href":"https:\/\/planetafilou.com\/fr\/wp-json\/wp\/v2\/types\/page"}],"author":[{"embeddable":true,"href":"https:\/\/planetafilou.com\/fr\/wp-json\/wp\/v2\/users\/1"}],"replies":[{"embeddable":true,"href":"https:\/\/planetafilou.com\/fr\/wp-json\/wp\/v2\/comments?post=1372"}],"version-history":[{"count":0,"href":"https:\/\/planetafilou.com\/fr\/wp-json\/wp\/v2\/pages\/1372\/revisions"}],"wp:attachment":[{"href":"https:\/\/planetafilou.com\/fr\/wp-json\/wp\/v2\/media?parent=1372"}],"curies":[{"name":"wp","href":"https:\/\/api.w.org\/{rel}","templated":true}]}}